{"id":24542,"date":"2025-10-24T14:30:25","date_gmt":"2025-10-24T12:30:25","guid":{"rendered":"https:\/\/www.ibizacancer.com\/?post_type=tribe_events&#038;p=24542"},"modified":"2025-10-27T11:02:31","modified_gmt":"2025-10-27T10:02:31","slug":"20251116-solidarity-walk","status":"publish","type":"tribe_events","link":"https:\/\/www.ibizacancer.com\/en\/event\/20251116-solidarity-walk\/","title":{"rendered":"Solidarity Walk November 16, 2025"},"content":{"rendered":"\t\t<div data-elementor-type=\"tec_event_single_static\" data-elementor-id=\"24542\" class=\"elementor elementor-24542 elementor-24541\" data-elementor-post-type=\"tribe_events\">\n\t\t\t\t\t\t<section class=\"elementor-section elementor-top-section elementor-element elementor-element-c58ea4c elementor-section-boxed elementor-section-height-default elementor-section-height-default\" data-id=\"c58ea4c\" data-element_type=\"section\" data-e-type=\"section\">\n\t\t\t\t\t\t<div class=\"elementor-container elementor-column-gap-default\">\n\t\t\t\t\t<div class=\"elementor-column elementor-col-100 elementor-top-column elementor-element elementor-element-8d26100\" data-id=\"8d26100\" data-element_type=\"column\" data-e-type=\"column\">\n\t\t\t<div class=\"elementor-widget-wrap elementor-element-populated\">\n\t\t\t\t\t\t<div class=\"elementor-element elementor-element-c59871d elementor-widget elementor-widget-tec_events_elementor_widget_event_title\" data-id=\"c59871d\" data-element_type=\"widget\" data-e-type=\"widget\" data-widget_type=\"tec_events_elementor_widget_event_title.default\">\n\t\t\t\t<div class=\"elementor-widget-container\">\n\t\t\t\t\t<h1  class=\"tec-events-elementor-event-widget__title\" >\n\tSolidarity Walk November 16, 2025<\/h1>\t\t\t\t<\/div>\n\t\t\t\t<\/div>\n\t\t\t\t<div class=\"elementor-element elementor-element-c38bbfb elementor-widget elementor-widget-tec_events_elementor_widget_event_datetime\" data-id=\"c38bbfb\" data-element_type=\"widget\" data-e-type=\"widget\" data-widget_type=\"tec_events_elementor_widget_event_datetime.default\">\n\t\t\t\t<div class=\"elementor-widget-container\">\n\t\t\t\t\t<div  class=\"tec-events-elementor-event-widget__datetime-wrapper\" >\n\t\t<div  class=\"tec-events-elementor-event-widget__datetime\" >\n\t\t\t<span  class=\"tec-events-elementor-event-widget__datetime-date tec-events-elementor-event-widget__datetime-date--start\" >November 16<\/span>\n\n\t\n<span  class=\"tec-events-elementor-event-widget__datetime-separator\" >\n\t  @  <\/span>\n\n\n<span  class=\"tec-events-elementor-event-widget__datetime-time tec-events-elementor-event-widget__datetime-time--start\" >10:30<\/span>\n\n\t\t\n\n\n\n\t<span  class=\"tec-events-elementor-event-widget__datetime-separator\" >\n\t  -  <\/span>\n\n<span  class=\"tec-events-elementor-event-widget__datetime-time tec-events-elementor-event-widget__datetime-time--end\" >13:00<\/span>\n\n\n<span class=\"tribe-events-abbr tribe-events-time-zone published\"><\/span>\n\t<\/div><\/div>\n\t\t\t\t<\/div>\n\t\t\t\t<\/div>\n\t\t\t\t\t<\/div>\n\t\t<\/div>\n\t\t\t\t\t<\/div>\n\t\t<\/section>\n\t\t\t\t<section class=\"elementor-section elementor-top-section elementor-element elementor-element-30c8480 elementor-section-boxed elementor-section-height-default elementor-section-height-default\" data-id=\"30c8480\" data-element_type=\"section\" data-e-type=\"section\">\n\t\t\t\t\t\t<div class=\"elementor-container elementor-column-gap-default\">\n\t\t\t\t\t<div class=\"elementor-column elementor-col-50 elementor-top-column elementor-element elementor-element-81a0ea9\" data-id=\"81a0ea9\" data-element_type=\"column\" data-e-type=\"column\">\n\t\t\t<div class=\"elementor-widget-wrap elementor-element-populated\">\n\t\t\t\t\t\t<div class=\"elementor-element elementor-element-d37fb6c elementor-widget elementor-widget-tec_events_elementor_widget_event_image\" data-id=\"d37fb6c\" data-element_type=\"widget\" data-e-type=\"widget\" data-widget_type=\"tec_events_elementor_widget_event_image.default\">\n\t\t\t\t<div class=\"elementor-widget-container\">\n\t\t\t\t\t<div  class=\"tec-events-elementor-event-widget__image\" >\n\t<img fetchpriority=\"high\" decoding=\"async\" width=\"1350\" height=\"650\" src=\"https:\/\/www.ibizacancer.com\/wp-content\/uploads\/2025\/10\/20251110-caminata-solidaria-talamanca.jpg\" class=\"elementor-image\" alt=\"Caminata Solidaria IFCC 23\/03\/2025\" srcset=\"https:\/\/www.ibizacancer.com\/wp-content\/uploads\/2025\/10\/20251110-caminata-solidaria-talamanca.jpg 1350w, https:\/\/www.ibizacancer.com\/wp-content\/uploads\/2025\/10\/20251110-caminata-solidaria-talamanca-300x144.jpg 300w, https:\/\/www.ibizacancer.com\/wp-content\/uploads\/2025\/10\/20251110-caminata-solidaria-talamanca-1024x493.jpg 1024w, https:\/\/www.ibizacancer.com\/wp-content\/uploads\/2025\/10\/20251110-caminata-solidaria-talamanca-768x370.jpg 768w\" sizes=\"(max-width: 34.9rem) calc(100vw - 2rem), (max-width: 53rem) calc(8 * (100vw \/ 12)), (min-width: 53rem) calc(6 * (100vw \/ 12)), 100vw\" \/><\/div>\n\t\t\t\t<\/div>\n\t\t\t\t<\/div>\n\t\t\t\t<div class=\"elementor-element elementor-element-a8bc99f elementor-widget elementor-widget-heading\" data-id=\"a8bc99f\" data-element_type=\"widget\" data-e-type=\"widget\" data-widget_type=\"heading.default\">\n\t\t\t\t<div class=\"elementor-widget-container\">\n\t\t\t\t\t<h2 class=\"elementor-heading-title elementor-size-default\">Date &amp; Time<\/h2>\t\t\t\t<\/div>\n\t\t\t\t<\/div>\n\t\t\t\t<div class=\"elementor-element elementor-element-ec971f2 elementor-widget elementor-widget-tec_events_elementor_widget_event_datetime\" data-id=\"ec971f2\" data-element_type=\"widget\" data-e-type=\"widget\" data-widget_type=\"tec_events_elementor_widget_event_datetime.default\">\n\t\t\t\t<div class=\"elementor-widget-container\">\n\t\t\t\t\t<div  class=\"tec-events-elementor-event-widget__datetime-wrapper\" >\n\t\t<div  class=\"tec-events-elementor-event-widget__datetime\" >\n\t\t\t<span  class=\"tec-events-elementor-event-widget__datetime-date tec-events-elementor-event-widget__datetime-date--start\" >November 16, 2025<\/span>\n\n\t\n<span  class=\"tec-events-elementor-event-widget__datetime-separator\" >\n\t  @  <\/span>\n\n\n<span  class=\"tec-events-elementor-event-widget__datetime-time tec-events-elementor-event-widget__datetime-time--start\" >10:30<\/span>\n\n\t\t\n\n\n\n\t<span  class=\"tec-events-elementor-event-widget__datetime-separator\" >\n\t  -  <\/span>\n\n<span  class=\"tec-events-elementor-event-widget__datetime-time tec-events-elementor-event-widget__datetime-time--end\" >13:00<\/span>\n\n\n<span class=\"tribe-events-abbr tribe-events-time-zone published\"><\/span>\n\t<\/div><\/div>\n\t\t\t\t<\/div>\n\t\t\t\t<\/div>\n\t\t\t\t<div class=\"elementor-element elementor-element-cfc8db1 elementor-widget elementor-widget-tec_events_elementor_widget_event_export\" data-id=\"cfc8db1\" data-element_type=\"widget\" data-e-type=\"widget\" data-widget_type=\"tec_events_elementor_widget_event_export.default\">\n\t\t\t\t<div class=\"elementor-widget-container\">\n\t\t\t\t\t<div  class=\"tec-events-elementor-event-widget__export\" >\n\t<div  class=\"tec-events-elementor-event-widget__export-dropdown\" >\n\t\t\n<button\n\t class=\"tec-events-elementor-event-widget__export-dropdown-button tribe-common-c-btn-border tribe-events-c-subscribe-dropdown__button\" \taria-expanded=\"false\"\n\taria-controls=\"\"\n\taria-label=\"View links to add events to your calendar\"\n>\n\t<i\n\t\t class=\"eicon eicon-export-kit tec-events-elementor-event-widget__export-dropdown-export-icon\" \t\taria-hidden=\"true\"\n\t><\/i>\n\tAdd to calendar\t<svg\n\t\t class=\"tec-events-elementor-event-widget__export-dropdown-icon\" \t\tviewBox=\"0 0 12 8\"\n\t\txmlns=\"http:\/\/www.w3.org\/2000\/svg\"\n\t>\n\t\t<path d=\"M1.21.85L6 5.64 10.79.85 11.94 2 6 7.94.06 2z\" fill=\"currentColor\" fill-rule=\"nonzero\"\/>\n\t<\/svg>\n<\/button>\n\t\t<div\n\t\t\t class=\"tec-events-elementor-event-widget__export-dropdown-content\" \t\t\tstyle=\"display: none;\"\n\t\t>\n\t\t\t<ul  class=\"tec-events-elementor-event-widget__export-dropdown-list\" >\n\t\t\t\t\t\t\t\t\t<li  class=\"tec-events-elementor-event-widget__export-dropdown-list-item tec-events-elementor-event-widget__export-dropdown--gcal\" >\n\t<a\n\t class=\"tec-events-elementor-event-widget__export-dropdown-link\" \thref=\"https:\/\/www.google.com\/calendar\/event?action=TEMPLATE&#038;dates=20251116T103000\/20251116T130000&#038;text=Solidarity%20Walk%20November%2016%2C%202025&#038;details=%3Ch1%3E%09Solidarity+Walk+November+16%2C+2025%3C%2Fh1%3E%09%09%09%09%09%09%09noviembre+16%09++%40++10%3A30%09++-++13%3A00%09%3Cimg+width%3D%221350%22+height%3D%22650%22+src%3D%22https%3A%2F%2Fwww.ibizacancer.com%2Fwp-content%2Fuploads%2F2025%2F10%2F20251110-caminata-solidaria-talamanca.jpg%22+alt%3D%22Caminata+Solidaria+IFCC+23%2F03%2F2025%22+decoding%3D%22async%22+srcset%3D%22https%3A%2F%2Fwww.ibizacancer.com%2Fwp-content%2Fuploads%2F2025%2F10%2F20251110-caminata-solidaria-talamanca.jpg+1350w%2C+https%3A%2F%2Fwww.ibizacancer.com%2Fwp-content%2Fuploads%2F2025%2F10%2F20251110-caminata-solidaria-talamanca-300x144.jpg+300w%2C+https%3A%2F%2Fwww.ibizacancer.com%2Fwp-content%2Fuploads%2F2025%2F10%2F20251110-caminata-solidaria-talamanca-1024x493.jpg+1024w%2C+https%3A%2F%2Fwww.ibizacancer.com%2Fwp-content%2Fuploads%2F2025%2F10%2F20251110-caminata-solidaria-talamanca-768x370.jpg+768w%22+sizes%3D%22%28max-width%3A+1350px%29+100vw%2C+1350px%22+%2F%3E%09%09%09%09%09%3Ch2%3EDate+%26+Time%3C%2Fh2%3E%09%09%09%09%09%09%09noviembre+16%2C+2025%09++%40++10%3A30%09++-++13%3A00%3Cbutton%09+%09aria-expanded%3D%22false%22%09aria-controls%3D%22%22%09aria-label%3D%22Ver+enlaces+para+a%C3%B1adir+eventos+al+calendario%22%3E%09%3Ci%09%09+%09%09aria-hidden%3D%22true%3C%2Fbutton%3E+%28View+Full+event+Description+Here%3A+https%3A%2F%2Fwww.ibizacancer.com%2Fen%2Fevent%2F20251116-solidarity-walk%2F%29&#038;location=Bar%20Flotante,%20Talamanca,%20Carrer%20de%20s&#039;Illa%20Plana,%202,%20Eivissa,%20Illes%20Balears,%2007800,%20Spain&#038;trp=false&#038;ctz=Europe\/Madrid&#038;sprop=website:https:\/\/www.ibizacancer.com\/en\/\"\n\ttarget=\"_blank\"\n\trel=\"noopener noreferrer\"\n>Google Calendar<\/a>\n<\/li>\n\t\t\t\t\t\t\t\t\t<li  class=\"tec-events-elementor-event-widget__export-dropdown-list-item tec-events-elementor-event-widget__export-dropdown--ical\" >\n\t<a\n\t class=\"tec-events-elementor-event-widget__export-dropdown-link\" \thref=\"https:\/\/www.ibizacancer.com\/en\/event\/20251116-solidarity-walk\/?ical=1\"\n\ttarget=\"_blank\"\n\trel=\"noopener noreferrer\"\n>iCalendar<\/a>\n<\/li>\n\t\t\t\t\t\t\t\t\t<li  class=\"tec-events-elementor-event-widget__export-dropdown-list-item tec-events-elementor-event-widget__export-dropdown--outlook-365\" >\n\t<a\n\t class=\"tec-events-elementor-event-widget__export-dropdown-link\" \thref=\"https:\/\/outlook.office.com\/owa\/?path=\/calendar\/action\/compose&#038;rrv=addevent&#038;startdt=2025-11-16T10%3A30%3A00%2B01%3A00&#038;enddt=2025-11-16T13%3A00%3A00%2B01%3A00&#038;location=Bar%20Flotante,%20Talamanca,%20Carrer%20de%20s&#039;Illa%20Plana,%202,%20Eivissa,%20Illes%20Balears,%2007800,%20Spain&#038;subject=Solidarity%20Walk%20November%2016%2C%202025&#038;body=%09Solidarity%20Walk%20November%2016%2C%202025%09%09%09%09%09%09%09noviembre%2016%09%20%20%40%20%2010%3A30%09%20%20-%20%2013%3A00%09%09%09%09%09%09Date%20%26%20Time%09%09%09%09%09%09%09noviembre%2016%2C%202025%09%20%20%40%20%2010%3A30%09%20%20-%20%2013%3A00%09%09A%C3%B1adir%20al%20calendario%09%09%09%09%09%09%09%09%09%09%09%09%09%09%09%09%09Google%20Calendar%09%09%09%09%09%09%09%09%09%09iCalendar%09%09%09%09%09%09%09%09%09%09Outlook%20365%09%09%09%09%09%09%09%09%09%09Outlook%20Live%09%09%09%09%09%09%09%09%09%09%09%09Event%20Cost%09%09%09%09%09%09%3Cp%3EMake%20your%20donation%20of%20%E2%82%AC5%20per%20person%20and%20register%20through%20our%20form%20to%20participate%20in%20this%20event.%3C%2Fp%3E%09%09%09%09%09%09%09Make%20your%20Donation%09%09%09%09%09%09You%20can%20make%20donations%20through%20Paypal%3A%09%09%09%09%09%09%09Registration%20Form%09%09%09%09%09%09%09%09%09Download%20Your%20Bib%09%09%09%09%09%09If%20you%20have%20already%20made%20your%20donation%20of%20%E2%82%AC5%20per%20person%20and%20registered%20through%20our%20form%2C%20you%20can%20download%20your%20bib%20for%20this%20event.%09%09%09%09%09%09%09%09%09%09%09%09%09%09Download%20Your%20Bib%09%09%09%09%09%09%09%09%09%09Description%09%09%09%09%09%09%3Cp%3EThe%20next%20challenge%20will%20take%20place%20on%20Sunday%2C%2016%20November%202025.%20This%20route%2C%20which%20will%20last%20around%20two%20and%20a%20half%20hours%20and%20cover%207%20kilometres%2C%20wi%20%28View%20Full%20Event%20Description%20Here%3A%20https%3A%2F%2Fwww.ibizacancer.com%2Fen%2Fevent%2F20251116-solidarity-walk%2F%29\"\n\ttarget=\"_blank\"\n\trel=\"noopener noreferrer\"\n>Outlook 365<\/a>\n<\/li>\n\t\t\t\t\t\t\t\t\t<li  class=\"tec-events-elementor-event-widget__export-dropdown-list-item tec-events-elementor-event-widget__export-dropdown--outlook-live\" >\n\t<a\n\t class=\"tec-events-elementor-event-widget__export-dropdown-link\" \thref=\"https:\/\/outlook.live.com\/owa\/?path=\/calendar\/action\/compose&#038;rrv=addevent&#038;startdt=2025-11-16T10%3A30%3A00%2B01%3A00&#038;enddt=2025-11-16T13%3A00%3A00%2B01%3A00&#038;location=Bar%20Flotante,%20Talamanca,%20Carrer%20de%20s&#039;Illa%20Plana,%202,%20Eivissa,%20Illes%20Balears,%2007800,%20Spain&#038;subject=Solidarity%20Walk%20November%2016%2C%202025&#038;body=%09Solidarity%20Walk%20November%2016%2C%202025%09%09%09%09%09%09%09noviembre%2016%09%20%20%40%20%2010%3A30%09%20%20-%20%2013%3A00%09%09%09%09%09%09Date%20%26%20Time%09%09%09%09%09%09%09noviembre%2016%2C%202025%09%20%20%40%20%2010%3A30%09%20%20-%20%2013%3A00%09%09A%C3%B1adir%20al%20calendario%09%09%09%09%09%09%09%09%09%09%09%09%09%09%09%09%09Google%20Calendar%09%09%09%09%09%09%09%09%09%09iCalendar%09%09%09%09%09%09%09%09%09%09Outlook%20365%09%09%09%09%09%09%09%09%09%09Outlook%20Live%09%09%09%09%09%09%09%09%09%09%09%09Event%20Cost%09%09%09%09%09%09%3Cp%3EMake%20your%20donation%20of%20%E2%82%AC5%20per%20person%20and%20register%20through%20our%20form%20to%20participate%20in%20this%20event.%3C%2Fp%3E%09%09%09%09%09%09%09Make%20your%20Donation%09%09%09%09%09%09You%20can%20make%20donations%20through%20Paypal%3A%09%09%09%09%09%09%09Registration%20Form%09%09%09%09%09%09%09%09%09Download%20Your%20Bib%09%09%09%09%09%09If%20you%20have%20already%20made%20your%20donation%20of%20%E2%82%AC5%20per%20person%20and%20registered%20through%20our%20form%2C%20you%20can%20download%20your%20bib%20for%20this%20event.%09%09%09%09%09%09%09%09%09%09%09%09%09%09Download%20Your%20Bib%09%09%09%09%09%09%09%09%09%09Description%09%09%09%09%09%09%3Cp%3EThe%20next%20challenge%20will%20take%20place%20on%20Sunday%2C%2016%20November%202025.%20This%20route%2C%20which%20will%20last%20around%20two%20and%20a%20half%20hours%20and%20cover%207%20kilometres%2C%20wi%20%28View%20Full%20Event%20Description%20Here%3A%20https%3A%2F%2Fwww.ibizacancer.com%2Fen%2Fevent%2F20251116-solidarity-walk%2F%29\"\n\ttarget=\"_blank\"\n\trel=\"noopener noreferrer\"\n>Outlook Live<\/a>\n<\/li>\n\t\t\t\t\t\t\t<\/ul>\n\t\t<\/div>\n\n\t\t<script>\n\t\t\t\/\/ Some JS to toggle the dropdown, todo: maybe move this to a separate file?\n\t\t\tvar exportButton = document.querySelector( \".tec-events-elementor-event-widget__export-dropdown-button\" );\n\t\t\tvar exportDropdownContent = document.querySelector( \".tec-events-elementor-event-widget__export-dropdown-content\" );\n\t\t\tvar exportDropdownIcon = document.querySelector( \".tec-events-elementor-event-widget__export-dropdown-icon\" );\n\n\t\t\texportButton.addEventListener(\n\t\t\t\t\"click\",\n\t\t\t\tfunction () {\n\t\t\t\t\tlet isClosed = exportDropdownContent.style.display !== \"block\";\n\t\t\t\t\texportButton.ariaExpanded = isClosed ? \"true\" : \"false\"; \/\/ Update aria-expanded.\n\t\t\t\t\texportDropdownContent.style.display = isClosed ? \"block\" : \"none\"; \/\/ Toggle display.\n\t\t\t\t\texportDropdownIcon.classList.toggle( \"tec-events-elementor-event-widget__export-dropdown-icon--active\" ); \/\/ Toggle arrow direction.\n\t\t\t\t}\n\t\t\t);\n\t\t<\/script>\n\t<\/div>\n<\/div>\n\t\t\t\t<\/div>\n\t\t\t\t<\/div>\n\t\t\t\t<div class=\"elementor-element elementor-element-f50455a elementor-widget elementor-widget-heading\" data-id=\"f50455a\" data-element_type=\"widget\" data-e-type=\"widget\" data-widget_type=\"heading.default\">\n\t\t\t\t<div class=\"elementor-widget-container\">\n\t\t\t\t\t<h2 class=\"elementor-heading-title elementor-size-default\">Event Cost<\/h2>\t\t\t\t<\/div>\n\t\t\t\t<\/div>\n\t\t\t\t<div class=\"elementor-element elementor-element-6a57dea elementor-widget elementor-widget-text-editor\" data-id=\"6a57dea\" data-element_type=\"widget\" data-e-type=\"widget\" data-widget_type=\"text-editor.default\">\n\t\t\t\t<div class=\"elementor-widget-container\">\n\t\t\t\t\t\t\t\t\t<p>Make your <strong>donation of \u20ac5 per person<\/strong> and register through our form to participate in this event.<\/p>\t\t\t\t\t\t\t\t<\/div>\n\t\t\t\t<\/div>\n\t\t\t\t<div class=\"elementor-element elementor-element-50ba9d9 elementor-widget elementor-widget-spacer\" data-id=\"50ba9d9\" data-element_type=\"widget\" data-e-type=\"widget\" data-widget_type=\"spacer.default\">\n\t\t\t\t<div class=\"elementor-widget-container\">\n\t\t\t\t\t\t\t<div class=\"elementor-spacer\">\n\t\t\t<div class=\"elementor-spacer-inner\"><\/div>\n\t\t<\/div>\n\t\t\t\t\t\t<\/div>\n\t\t\t\t<\/div>\n\t\t\t\t<div class=\"elementor-element elementor-element-71a30e9 elementor-widget elementor-widget-heading\" data-id=\"71a30e9\" data-element_type=\"widget\" data-e-type=\"widget\" data-widget_type=\"heading.default\">\n\t\t\t\t<div class=\"elementor-widget-container\">\n\t\t\t\t\t<h2 class=\"elementor-heading-title elementor-size-default\">Make your Donation<\/h2>\t\t\t\t<\/div>\n\t\t\t\t<\/div>\n\t\t\t\t<div class=\"elementor-element elementor-element-cd8e8dd elementor-widget elementor-widget-text-editor\" data-id=\"cd8e8dd\" data-element_type=\"widget\" data-e-type=\"widget\" data-widget_type=\"text-editor.default\">\n\t\t\t\t<div class=\"elementor-widget-container\">\n\t\t\t\t\t\t\t\t\tYou can make donations through Paypal:\n\n<form style=\"text-align: left;\" action=\"https:\/\/www.paypal.com\/donate\" method=\"post\" target=\"_blank\"><input name=\"hosted_button_id\" type=\"hidden\" value=\"78ZN8KGGZRFHQ\" \/>\n<input title=\"PayPal - The safer, easier way to pay online!\" alt=\"Bot\u00f3n\u00a0Donar con PayPal\" name=\"submit\" src=\"https:\/\/www.paypalobjects.com\/es_ES\/ES\/i\/btn\/btn_donate_LG.gif\" type=\"image\" \/>\n<img decoding=\"async\" src=\"https:\/\/www.paypal.com\/es_ES\/i\/scr\/pixel.gif\" alt=\"\" width=\"1\" height=\"1\" border=\"0\" \/><\/form>\t\t\t\t\t\t\t\t<\/div>\n\t\t\t\t<\/div>\n\t\t\t\t<div class=\"elementor-element elementor-element-d64d88d elementor-widget elementor-widget-heading\" data-id=\"d64d88d\" data-element_type=\"widget\" data-e-type=\"widget\" data-widget_type=\"heading.default\">\n\t\t\t\t<div class=\"elementor-widget-container\">\n\t\t\t\t\t<h2 class=\"elementor-heading-title elementor-size-default\">Registration Form<\/h2>\t\t\t\t<\/div>\n\t\t\t\t<\/div>\n\t\t\t\t<div class=\"elementor-element elementor-element-3a5fd44 elementor-button-align-start elementor-widget elementor-widget-form\" data-id=\"3a5fd44\" data-element_type=\"widget\" data-e-type=\"widget\" data-settings=\"{&quot;step_next_label&quot;:&quot;Siguiente&quot;,&quot;step_previous_label&quot;:&quot;Anterior&quot;,&quot;button_width&quot;:&quot;100&quot;,&quot;step_type&quot;:&quot;number_text&quot;,&quot;step_icon_shape&quot;:&quot;circle&quot;}\" data-widget_type=\"form.default\">\n\t\t\t\t<div class=\"elementor-widget-container\">\n\t\t\t\t\t\t\t<form class=\"elementor-form\" method=\"post\" name=\"Contact Form\" aria-label=\"Contact Form\">\n\t\t\t<input type=\"hidden\" name=\"post_id\" value=\"24542\"\/>\n\t\t\t<input type=\"hidden\" name=\"form_id\" value=\"3a5fd44\"\/>\n\t\t\t<input type=\"hidden\" name=\"referer_title\" value=\"Ibiza y Formentera Contra el C\u00e1ncer\" \/>\n\n\t\t\t\n\t\t\t<div class=\"elementor-form-fields-wrapper elementor-labels-\">\n\t\t\t\t\t\t\t\t<div class=\"elementor-field-type-text elementor-field-group elementor-column elementor-field-group-name elementor-col-100 elementor-field-required\">\n\t\t\t\t\t\t\t\t\t\t\t\t<label for=\"form-field-name\" class=\"elementor-field-label elementor-screen-only\">\n\t\t\t\t\t\t\t\tName\t\t\t\t\t\t\t<\/label>\n\t\t\t\t\t\t\t\t\t\t\t\t\t\t<input size=\"1\" type=\"text\" name=\"form_fields[name]\" id=\"form-field-name\" class=\"elementor-field elementor-size-md  elementor-field-textual\" placeholder=\"Full Name\" required=\"required\">\n\t\t\t\t\t\t\t\t\t\t\t<\/div>\n\t\t\t\t\t\t\t\t<div class=\"elementor-field-type-email elementor-field-group elementor-column elementor-field-group-email elementor-col-50 elementor-field-required\">\n\t\t\t\t\t\t\t\t\t\t\t\t<label for=\"form-field-email\" class=\"elementor-field-label elementor-screen-only\">\n\t\t\t\t\t\t\t\tEmail\t\t\t\t\t\t\t<\/label>\n\t\t\t\t\t\t\t\t\t\t\t\t\t\t<input size=\"1\" type=\"email\" name=\"form_fields[email]\" id=\"form-field-email\" class=\"elementor-field elementor-size-md  elementor-field-textual\" placeholder=\"Email address*\" required=\"required\">\n\t\t\t\t\t\t\t\t\t\t\t<\/div>\n\t\t\t\t\t\t\t\t<div class=\"elementor-field-type-tel elementor-field-group elementor-column elementor-field-group-field_2a317f5 elementor-col-50\">\n\t\t\t\t\t\t\t\t\t\t\t\t<label for=\"form-field-field_2a317f5\" class=\"elementor-field-label elementor-screen-only\">\n\t\t\t\t\t\t\t\tPhone\t\t\t\t\t\t\t<\/label>\n\t\t\t\t\t\t\t\t<input size=\"1\" type=\"tel\" name=\"form_fields[field_2a317f5]\" id=\"form-field-field_2a317f5\" class=\"elementor-field elementor-size-md  elementor-field-textual\" placeholder=\"Phone number\" pattern=\"[0-9()#&amp;+*-=.]+\" title=\"Only numbers and phone characters (#, -, *, etc) are accepted.\">\n\n\t\t\t\t\t\t<\/div>\n\t\t\t\t\t\t\t\t<div class=\"elementor-field-type-radio elementor-field-group elementor-column elementor-field-group-field_20e941c elementor-col-100 elementor-field-required\">\n\t\t\t\t\t\t\t\t\t\t\t\t<label for=\"form-field-field_20e941c\" class=\"elementor-field-label elementor-screen-only\">\n\t\t\t\t\t\t\t\tWhich walk do you prefer?\t\t\t\t\t\t\t<\/label>\n\t\t\t\t\t\t<div class=\"elementor-field-subgroup  \"><span class=\"elementor-field-option\"><input type=\"radio\" value=\"walk1\" id=\"form-field-field_20e941c-0\" name=\"form_fields[field_20e941c]\" checked=\"checked\" required=\"required\"> <label for=\"form-field-field_20e941c-0\">Walk 1 \u2013 3 kilometres<\/label><\/span><span class=\"elementor-field-option\"><input type=\"radio\" value=\"walk2\" id=\"form-field-field_20e941c-1\" name=\"form_fields[field_20e941c]\" required=\"required\"> <label for=\"form-field-field_20e941c-1\">Walk 2 \u2013 6.5 kilometres<\/label><\/span><\/div>\t\t\t\t<\/div>\n\t\t\t\t\t\t\t\t<div class=\"elementor-field-type-acceptance elementor-field-group elementor-column elementor-field-group-message elementor-col-100 elementor-field-required\">\n\t\t\t\t\t\t\t\t\t\t\t\t<label for=\"form-field-message\" class=\"elementor-field-label elementor-screen-only\">\n\t\t\t\t\t\t\t\tAcepta\t\t\t\t\t\t\t<\/label>\n\t\t\t\t\t\t\t\t<div class=\"elementor-field-subgroup\">\n\t\t\t<span class=\"elementor-field-option\">\n\t\t\t\t<input type=\"checkbox\" name=\"form_fields[message]\" id=\"form-field-message\" class=\"elementor-field elementor-size-md  elementor-acceptance-field\" required=\"required\">\n\t\t\t\t<label for=\"form-field-message\">* I have made the donation and wish to participate in the Solidarity Walk<\/label>\t\t\t<\/span>\n\t\t<\/div>\n\t\t\t\t\t\t<\/div>\n\t\t\t\t\t\t\t\t<div class=\"elementor-field-group elementor-column elementor-field-type-submit elementor-col-100 e-form__buttons\">\n\t\t\t\t\t<button class=\"elementor-button elementor-size-sm\" type=\"submit\">\n\t\t\t\t\t\t<span class=\"elementor-button-content-wrapper\">\n\t\t\t\t\t\t\t\t\t\t\t\t\t\t\t\t\t\t\t\t\t\t<span class=\"elementor-button-text\">Submit Registration Information<\/span>\n\t\t\t\t\t\t\t\t\t\t\t\t\t<\/span>\n\t\t\t\t\t<\/button>\n\t\t\t\t<\/div>\n\t\t\t<\/div>\n\t\t<\/form>\n\t\t\t\t\t\t<\/div>\n\t\t\t\t<\/div>\n\t\t\t\t<div class=\"elementor-element elementor-element-7d763d2 elementor-widget elementor-widget-spacer\" data-id=\"7d763d2\" data-element_type=\"widget\" data-e-type=\"widget\" data-widget_type=\"spacer.default\">\n\t\t\t\t<div class=\"elementor-widget-container\">\n\t\t\t\t\t\t\t<div class=\"elementor-spacer\">\n\t\t\t<div class=\"elementor-spacer-inner\"><\/div>\n\t\t<\/div>\n\t\t\t\t\t\t<\/div>\n\t\t\t\t<\/div>\n\t\t\t\t<div class=\"elementor-element elementor-element-3d35bcf elementor-widget elementor-widget-heading\" data-id=\"3d35bcf\" data-element_type=\"widget\" data-e-type=\"widget\" data-widget_type=\"heading.default\">\n\t\t\t\t<div class=\"elementor-widget-container\">\n\t\t\t\t\t<h2 class=\"elementor-heading-title elementor-size-default\">Download Your Bib<\/h2>\t\t\t\t<\/div>\n\t\t\t\t<\/div>\n\t\t\t\t<div class=\"elementor-element elementor-element-a8fd89d elementor-widget elementor-widget-text-editor\" data-id=\"a8fd89d\" data-element_type=\"widget\" data-e-type=\"widget\" data-widget_type=\"text-editor.default\">\n\t\t\t\t<div class=\"elementor-widget-container\">\n\t\t\t\t\t\t\t\t\tIf you have already made your donation of \u20ac5 per person and registered through our form, you can download your bib for this event.\n\t\t\t\t\t\t\t\t<\/div>\n\t\t\t\t<\/div>\n\t\t\t\t<div class=\"elementor-element elementor-element-8e48aa3 elementor-button-success elementor-align-justify elementor-widget elementor-widget-button\" data-id=\"8e48aa3\" data-element_type=\"widget\" data-e-type=\"widget\" data-widget_type=\"button.default\">\n\t\t\t\t<div class=\"elementor-widget-container\">\n\t\t\t\t\t\t\t\t\t<div class=\"elementor-button-wrapper\">\n\t\t\t\t\t<a class=\"elementor-button elementor-button-link elementor-size-sm\" href=\"https:\/\/www.ibizacancer.com\/docs\/dorsales\/20251116-ifcc-solidarity-walk-dorsal.pdf\" target=\"_blank\">\n\t\t\t\t\t\t<span class=\"elementor-button-content-wrapper\">\n\t\t\t\t\t\t<span class=\"elementor-button-icon\">\n\t\t\t\t<i aria-hidden=\"true\" class=\"fas fa-download\"><\/i>\t\t\t<\/span>\n\t\t\t\t\t\t\t\t\t<span class=\"elementor-button-text\">Download Your Bib<\/span>\n\t\t\t\t\t<\/span>\n\t\t\t\t\t<\/a>\n\t\t\t\t<\/div>\n\t\t\t\t\t\t\t\t<\/div>\n\t\t\t\t<\/div>\n\t\t\t\t\t<\/div>\n\t\t<\/div>\n\t\t\t\t<div class=\"elementor-column elementor-col-50 elementor-top-column elementor-element elementor-element-9566c69\" data-id=\"9566c69\" data-element_type=\"column\" data-e-type=\"column\">\n\t\t\t<div class=\"elementor-widget-wrap elementor-element-populated\">\n\t\t\t\t\t\t<div class=\"elementor-element elementor-element-f77d787 elementor-widget elementor-widget-heading\" data-id=\"f77d787\" data-element_type=\"widget\" data-e-type=\"widget\" data-widget_type=\"heading.default\">\n\t\t\t\t<div class=\"elementor-widget-container\">\n\t\t\t\t\t<h2 class=\"elementor-heading-title elementor-size-default\">Description<\/h2>\t\t\t\t<\/div>\n\t\t\t\t<\/div>\n\t\t\t\t<div class=\"elementor-element elementor-element-f4b2112 elementor-widget elementor-widget-text-editor\" data-id=\"f4b2112\" data-element_type=\"widget\" data-e-type=\"widget\" data-widget_type=\"text-editor.default\">\n\t\t\t\t<div class=\"elementor-widget-container\">\n\t\t\t\t\t\t\t\t\t<p>The next challenge will take place on Sunday, 16 November 2025. This route, which will last around two and a half hours and cover 7 kilometres, will begin at <strong>10:30 a.m. and start from the Bar Flotante, in Talamanca<\/strong>.<\/p><p style=\"font-weight: 400;\"><strong>WALK 1 \u2013 Coastal stroll from Bar Flotante to Fish Shack Restaurant, return via the same route.<\/strong><\/p><ul style=\"font-weight: 400;\"><li><strong>Meeting point:<\/strong> Bar Flotante, Talamanca at 10:30 a.m.<\/li><li><strong>Walk description:<\/strong> Easy level<\/li><li><strong>Route:<\/strong> Distance 3 km<\/li><li><strong>Duration:<\/strong> 1 hour<\/li><li><strong>NO DOGS ALLOWED<\/strong><\/li><\/ul><p><strong>WALK 2 \u2013 Meeting at Bar Flotante, Talamanca, to Fish Shack Restaurant and continuing to the Cal\u00f3 Rojo viewpoint. Return via the same route.<\/strong><\/p><ul style=\"font-weight: 400;\"><li><strong>Meeting point:<\/strong> Bar Flotante, Talamanca at 10:30 a.m.<\/li><li><strong>Walk description:<\/strong> Moderate level<\/li><li><strong>Route:<\/strong> 6.5 km<\/li><li><strong>Elevation gain:<\/strong> 100 m<\/li><li><strong>Duration:<\/strong> 2 hours<\/li><li><strong>NO DOGS ALLOWED<\/strong><\/li><\/ul><p><strong>Register and make a \u20ac5 donation per person.<\/strong><\/p><p><strong><a href=\"https:\/\/www.ibizacancer.com\/docs\/dorsales\/20251116-ifcc-caminata-solidaria-dorsal.pdf\" target=\"_blank\" rel=\"noopener\">You can download your race bib by clicking here<\/a>.<\/strong><\/p><p style=\"font-weight: 400;\">Both walks take us along the promenade to the Fish Shack Restaurant, where the first group will return to Bar Flotante. The second group will continue along the rocky coastline with a steep ascent. We will stop at the viewpoint overlooking Cal\u00f3 Rojo. After a short break, we will return via the same route.<\/p><p>Our walk will start and finish at Bar Flotante, Talamanca.<\/p><p><strong>For more information, call our helpline, Monday to Friday, from 10:00 a.m. to 12:00 noon: <\/strong><a href=\"tel:\/\/666991336\"><strong>666991336<\/strong><\/a><\/p>\t\t\t\t\t\t\t\t<\/div>\n\t\t\t\t<\/div>\n\t\t\t\t<div class=\"elementor-element elementor-element-db4509b elementor-widget elementor-widget-tec_events_elementor_widget_event_venue\" data-id=\"db4509b\" data-element_type=\"widget\" data-e-type=\"widget\" data-widget_type=\"tec_events_elementor_widget_event_venue.default\">\n\t\t\t\t<div class=\"elementor-widget-container\">\n\t\t\t\t\t<div  class=\"tec-events-elementor-event-widget__venue\" >\n\t\t\t\t<div  class=\"tec-events-elementor-event-widget__venue-container\" >\n\t\t\t\t<div  class=\"tec-events-elementor-event-widget__venue-details\" >\n\t<h3  class=\"tec-events-elementor-event-widget__venue-name\" >\n\t\tBar Flotante, Talamanca\t<\/h3><div  class=\"tec-events-elementor-event-widget__venue-address\"  >\n\t<address  class=\"tec-events-elementor-event-widget__venue-address-address\" >\n\t<span class=\"tribe-address\">\n\n<span class=\"tribe-street-address\">Carrer de s&#039;Illa Plana, 2<\/span>\n\t\n\t\t<br>\n\t\t<span class=\"tribe-locality\">Eivissa<\/span><span class=\"tribe-delimiter\">,<\/span>\n\n\t<abbr class=\"tribe-region tribe-events-abbr\" title=\"Illes Balears\">Illes Balears<\/abbr>\n\n\t<span class=\"tribe-postal-code\">07800<\/span>\n\n\t<span class=\"tribe-country-name\">Spain<\/span>\n\n<\/span>\n<\/address>\n<p  class=\"tec-events-elementor-event-widget__venue-address-map-link\" >\n\t<a class=\"tribe-events-gmap\" href=\"https:\/\/maps.google.com\/maps?f=q&#038;source=s_q&#038;hl=en&#038;geocode=&#038;q=Carrer+de+s%26%23039%3BIlla+Plana%2C+2+Eivissa+Illes+Balears+07800+Spain\" title=\"Click to view a Google Map\" target=\"_blank\" rel=\"noreferrer noopener\">+ Google Map<\/a><\/p>\n<\/div>\n<div  class=\"tec-events-elementor-event-widget__venue-phone\"  >\n\t<p  class=\"tec-events-elementor-event-widget__venue-phone-number\"  >\n\t\t\t\t\t<a  class=\"tec-events-elementor-event-widget__venue-phone-link\" \t\t\thref=\"tel:\"\n\t\t>\n\t\t\t\t\t\t<\/a>\n\t<\/p>\n<\/div>\n<div  class=\"tec-events-elementor-event-widget__venue-website\"  >\n\t<p  class=\"tec-events-elementor-event-widget__venue-website-url\" >\n\t<\/p>\n<\/div>\n<\/div>\n<div  class=\"tec-events-elementor-event-widget__venue-map\" >\n\t\n<iframe\n  title=\"Google maps iframe displaying the address to Bar Flotante, Talamanca\"\n  aria-label=\"Venue location map\"\n  width=\"100%\"\n  height=\"100%\"\n  frameborder=\"0\" style=\"border:0\"\n  src=\"https:\/\/www.google.com\/maps\/embed\/v1\/place?key=AIzaSyDNsicAsP6-VuGtAb1O9riI3oc_NOb7IOU&#038;q=Carrer+de+s%26%23039%3BIlla+Plana%2C+2+Eivissa+Illes+Balears+07800+Spain+&#038;zoom=10\" allowfullscreen>\n<\/iframe>\n<\/div>\n\t\t<\/div>\n\t<\/div>\n\t\t\t\t<\/div>\n\t\t\t\t<\/div>\n\t\t\t\t\t<\/div>\n\t\t<\/div>\n\t\t\t\t\t<\/div>\n\t\t<\/section>\n\t\t\t\t<\/div>\n\t\t","protected":false},"excerpt":{"rendered":"<p>A new challenge will take place on Sunday, 23 March 2025. This route, which will last around two and a half hours&#8230;<\/p>\n","protected":false},"author":1,"featured_media":24544,"template":"elementor_canvas","meta":{"_acf_changed":false,"give_campaign_id":0,"_tribe_events_status":"","_tribe_events_status_reason":"","_tribe_events_is_hybrid":"","_tribe_events_is_virtual":"","_tribe_events_virtual_video_source":"","_tribe_events_virtual_embed_video":"","_tribe_events_virtual_linked_button_text":"","_tribe_events_virtual_linked_button":"","_tribe_events_virtual_show_embed_at":"","_tribe_events_virtual_show_embed_to":[],"_tribe_events_virtual_show_on_event":"","_tribe_events_virtual_show_on_views":"","_tribe_events_virtual_url":"","footnotes":""},"tags":[],"tribe_events_cat":[550],"class_list":["post-24542","tribe_events","type-tribe_events","status-publish","has-post-thumbnail","hentry","tribe_events_cat-fundraising-event","cat_fundraising-event","entry"],"acf":[],"yoast_head":"<!-- This site is optimized with the Yoast SEO plugin v27.1.1 - https:\/\/yoast.com\/product\/yoast-seo-wordpress\/ -->\n<title>Solidarity Walk November 16, 2025 - Ibiza y Formentera Contra el C\u00e1ncer<\/title>\n<meta name=\"description\" content=\"A new challenge will take place on Sunday, 23 March 2025. This route, which will last around two and a half hours...\" \/>\n<meta name=\"robots\" content=\"index, follow, max-snippet:-1, max-image-preview:large, max-video-preview:-1\" \/>\n<link rel=\"canonical\" href=\"https:\/\/www.ibizacancer.com\/en\/event\/20251116-solidarity-walk\/\" \/>\n<meta property=\"og:locale\" content=\"en_US\" \/>\n<meta property=\"og:type\" content=\"article\" \/>\n<meta property=\"og:title\" content=\"Solidarity Walk November 16, 2025 - Ibiza y Formentera Contra el C\u00e1ncer\" \/>\n<meta property=\"og:description\" content=\"A new challenge will take place on Sunday, 23 March 2025. This route, which will last around two and a half hours...\" \/>\n<meta property=\"og:url\" content=\"https:\/\/www.ibizacancer.com\/en\/event\/20251116-solidarity-walk\/\" \/>\n<meta property=\"og:site_name\" content=\"Ibiza y Formentera Contra el C\u00e1ncer\" \/>\n<meta property=\"article:publisher\" content=\"https:\/\/www.facebook.com\/IFCCancer\" \/>\n<meta property=\"article:modified_time\" content=\"2025-10-27T10:02:31+00:00\" \/>\n<meta property=\"og:image\" content=\"https:\/\/www.ibizacancer.com\/wp-content\/uploads\/2025\/10\/20251110-caminata-solidaria-talamanca.jpg\" \/>\n\t<meta property=\"og:image:width\" content=\"1350\" \/>\n\t<meta property=\"og:image:height\" content=\"650\" \/>\n\t<meta property=\"og:image:type\" content=\"image\/jpeg\" \/>\n<meta name=\"twitter:card\" content=\"summary_large_image\" \/>\n<script type=\"application\/ld+json\" class=\"yoast-schema-graph\">{\"@context\":\"https:\/\/schema.org\",\"@graph\":[{\"@type\":\"WebPage\",\"@id\":\"https:\/\/www.ibizacancer.com\/en\/event\/20251116-solidarity-walk\/\",\"url\":\"https:\/\/www.ibizacancer.com\/en\/event\/20251116-solidarity-walk\/\",\"name\":\"Solidarity Walk November 16, 2025 - Ibiza y Formentera Contra el C\u00e1ncer\",\"isPartOf\":{\"@id\":\"https:\/\/www.ibizacancer.com\/en\/#website\"},\"primaryImageOfPage\":{\"@id\":\"https:\/\/www.ibizacancer.com\/en\/event\/20251116-solidarity-walk\/#primaryimage\"},\"image\":{\"@id\":\"https:\/\/www.ibizacancer.com\/en\/event\/20251116-solidarity-walk\/#primaryimage\"},\"thumbnailUrl\":\"https:\/\/www.ibizacancer.com\/wp-content\/uploads\/2025\/10\/20251110-caminata-solidaria-talamanca.jpg\",\"datePublished\":\"2025-10-24T12:30:25+00:00\",\"dateModified\":\"2025-10-27T10:02:31+00:00\",\"description\":\"A new challenge will take place on Sunday, 23 March 2025. This route, which will last around two and a half hours...\",\"breadcrumb\":{\"@id\":\"https:\/\/www.ibizacancer.com\/en\/event\/20251116-solidarity-walk\/#breadcrumb\"},\"inLanguage\":\"en-US\",\"potentialAction\":[{\"@type\":\"ReadAction\",\"target\":[\"https:\/\/www.ibizacancer.com\/en\/event\/20251116-solidarity-walk\/\"]}]},{\"@type\":\"ImageObject\",\"inLanguage\":\"en-US\",\"@id\":\"https:\/\/www.ibizacancer.com\/en\/event\/20251116-solidarity-walk\/#primaryimage\",\"url\":\"https:\/\/www.ibizacancer.com\/wp-content\/uploads\/2025\/10\/20251110-caminata-solidaria-talamanca.jpg\",\"contentUrl\":\"https:\/\/www.ibizacancer.com\/wp-content\/uploads\/2025\/10\/20251110-caminata-solidaria-talamanca.jpg\",\"width\":1350,\"height\":650,\"caption\":\"Caminata Solidaria IFCC 23\/03\/2025\"},{\"@type\":\"BreadcrumbList\",\"@id\":\"https:\/\/www.ibizacancer.com\/en\/event\/20251116-solidarity-walk\/#breadcrumb\",\"itemListElement\":[{\"@type\":\"ListItem\",\"position\":1,\"name\":\"Home\"},{\"@type\":\"ListItem\",\"position\":2,\"name\":\"Solidarity Walk November 16, 2025\"}]},{\"@type\":\"WebSite\",\"@id\":\"https:\/\/www.ibizacancer.com\/en\/#website\",\"url\":\"https:\/\/www.ibizacancer.com\/en\/\",\"name\":\"Ibiza y Formentera Contra el C\u00e1ncer\",\"description\":\"Ibiza y Formentera contra el C\u00e1ncer es una organizaci\u00f3n no gubernamental y sin \u00e1nimo de lucro dirigida a la lucha contra esta enfermedad en las Pitiusas.\",\"publisher\":{\"@id\":\"https:\/\/www.ibizacancer.com\/en\/#organization\"},\"potentialAction\":[{\"@type\":\"SearchAction\",\"target\":{\"@type\":\"EntryPoint\",\"urlTemplate\":\"https:\/\/www.ibizacancer.com\/en\/?s={search_term_string}\"},\"query-input\":{\"@type\":\"PropertyValueSpecification\",\"valueRequired\":true,\"valueName\":\"search_term_string\"}}],\"inLanguage\":\"en-US\"},{\"@type\":\"Organization\",\"@id\":\"https:\/\/www.ibizacancer.com\/en\/#organization\",\"name\":\"Ibiza y Formentera Contra el C\u00e1ncer\",\"url\":\"https:\/\/www.ibizacancer.com\/en\/\",\"logo\":{\"@type\":\"ImageObject\",\"inLanguage\":\"en-US\",\"@id\":\"https:\/\/www.ibizacancer.com\/en\/#\/schema\/logo\/image\/\",\"url\":\"https:\/\/www.ibizacancer.com\/wp-content\/uploads\/2020\/08\/ifcc-logo-web.png\",\"contentUrl\":\"https:\/\/www.ibizacancer.com\/wp-content\/uploads\/2020\/08\/ifcc-logo-web.png\",\"width\":200,\"height\":73,\"caption\":\"Ibiza y Formentera Contra el C\u00e1ncer\"},\"image\":{\"@id\":\"https:\/\/www.ibizacancer.com\/en\/#\/schema\/logo\/image\/\"},\"sameAs\":[\"https:\/\/www.facebook.com\/IFCCancer\"]}]}<\/script>\n<!-- \/ Yoast SEO plugin. -->","yoast_head_json":{"title":"Solidarity Walk November 16, 2025 - Ibiza y Formentera Contra el C\u00e1ncer","description":"A new challenge will take place on Sunday, 23 March 2025. This route, which will last around two and a half hours...","robots":{"index":"index","follow":"follow","max-snippet":"max-snippet:-1","max-image-preview":"max-image-preview:large","max-video-preview":"max-video-preview:-1"},"canonical":"https:\/\/www.ibizacancer.com\/en\/event\/20251116-solidarity-walk\/","og_locale":"en_US","og_type":"article","og_title":"Solidarity Walk November 16, 2025 - Ibiza y Formentera Contra el C\u00e1ncer","og_description":"A new challenge will take place on Sunday, 23 March 2025. This route, which will last around two and a half hours...","og_url":"https:\/\/www.ibizacancer.com\/en\/event\/20251116-solidarity-walk\/","og_site_name":"Ibiza y Formentera Contra el C\u00e1ncer","article_publisher":"https:\/\/www.facebook.com\/IFCCancer","article_modified_time":"2025-10-27T10:02:31+00:00","og_image":[{"width":1350,"height":650,"url":"https:\/\/www.ibizacancer.com\/wp-content\/uploads\/2025\/10\/20251110-caminata-solidaria-talamanca.jpg","type":"image\/jpeg"}],"twitter_card":"summary_large_image","schema":{"@context":"https:\/\/schema.org","@graph":[{"@type":"WebPage","@id":"https:\/\/www.ibizacancer.com\/en\/event\/20251116-solidarity-walk\/","url":"https:\/\/www.ibizacancer.com\/en\/event\/20251116-solidarity-walk\/","name":"Solidarity Walk November 16, 2025 - Ibiza y Formentera Contra el C\u00e1ncer","isPartOf":{"@id":"https:\/\/www.ibizacancer.com\/en\/#website"},"primaryImageOfPage":{"@id":"https:\/\/www.ibizacancer.com\/en\/event\/20251116-solidarity-walk\/#primaryimage"},"image":{"@id":"https:\/\/www.ibizacancer.com\/en\/event\/20251116-solidarity-walk\/#primaryimage"},"thumbnailUrl":"https:\/\/www.ibizacancer.com\/wp-content\/uploads\/2025\/10\/20251110-caminata-solidaria-talamanca.jpg","datePublished":"2025-10-24T12:30:25+00:00","dateModified":"2025-10-27T10:02:31+00:00","description":"A new challenge will take place on Sunday, 23 March 2025. This route, which will last around two and a half hours...","breadcrumb":{"@id":"https:\/\/www.ibizacancer.com\/en\/event\/20251116-solidarity-walk\/#breadcrumb"},"inLanguage":"en-US","potentialAction":[{"@type":"ReadAction","target":["https:\/\/www.ibizacancer.com\/en\/event\/20251116-solidarity-walk\/"]}]},{"@type":"ImageObject","inLanguage":"en-US","@id":"https:\/\/www.ibizacancer.com\/en\/event\/20251116-solidarity-walk\/#primaryimage","url":"https:\/\/www.ibizacancer.com\/wp-content\/uploads\/2025\/10\/20251110-caminata-solidaria-talamanca.jpg","contentUrl":"https:\/\/www.ibizacancer.com\/wp-content\/uploads\/2025\/10\/20251110-caminata-solidaria-talamanca.jpg","width":1350,"height":650,"caption":"Caminata Solidaria IFCC 23\/03\/2025"},{"@type":"BreadcrumbList","@id":"https:\/\/www.ibizacancer.com\/en\/event\/20251116-solidarity-walk\/#breadcrumb","itemListElement":[{"@type":"ListItem","position":1,"name":"Home"},{"@type":"ListItem","position":2,"name":"Solidarity Walk November 16, 2025"}]},{"@type":"WebSite","@id":"https:\/\/www.ibizacancer.com\/en\/#website","url":"https:\/\/www.ibizacancer.com\/en\/","name":"Ibiza y Formentera Contra el C\u00e1ncer","description":"Ibiza y Formentera contra el C\u00e1ncer es una organizaci\u00f3n no gubernamental y sin \u00e1nimo de lucro dirigida a la lucha contra esta enfermedad en las Pitiusas.","publisher":{"@id":"https:\/\/www.ibizacancer.com\/en\/#organization"},"potentialAction":[{"@type":"SearchAction","target":{"@type":"EntryPoint","urlTemplate":"https:\/\/www.ibizacancer.com\/en\/?s={search_term_string}"},"query-input":{"@type":"PropertyValueSpecification","valueRequired":true,"valueName":"search_term_string"}}],"inLanguage":"en-US"},{"@type":"Organization","@id":"https:\/\/www.ibizacancer.com\/en\/#organization","name":"Ibiza y Formentera Contra el C\u00e1ncer","url":"https:\/\/www.ibizacancer.com\/en\/","logo":{"@type":"ImageObject","inLanguage":"en-US","@id":"https:\/\/www.ibizacancer.com\/en\/#\/schema\/logo\/image\/","url":"https:\/\/www.ibizacancer.com\/wp-content\/uploads\/2020\/08\/ifcc-logo-web.png","contentUrl":"https:\/\/www.ibizacancer.com\/wp-content\/uploads\/2020\/08\/ifcc-logo-web.png","width":200,"height":73,"caption":"Ibiza y Formentera Contra el C\u00e1ncer"},"image":{"@id":"https:\/\/www.ibizacancer.com\/en\/#\/schema\/logo\/image\/"},"sameAs":["https:\/\/www.facebook.com\/IFCCancer"]}]}},"_links":{"self":[{"href":"https:\/\/www.ibizacancer.com\/en\/wp-json\/wp\/v2\/tribe_events\/24542","targetHints":{"allow":["GET"]}}],"collection":[{"href":"https:\/\/www.ibizacancer.com\/en\/wp-json\/wp\/v2\/tribe_events"}],"about":[{"href":"https:\/\/www.ibizacancer.com\/en\/wp-json\/wp\/v2\/types\/tribe_events"}],"author":[{"embeddable":true,"href":"https:\/\/www.ibizacancer.com\/en\/wp-json\/wp\/v2\/users\/1"}],"version-history":[{"count":15,"href":"https:\/\/www.ibizacancer.com\/en\/wp-json\/wp\/v2\/tribe_events\/24542\/revisions"}],"predecessor-version":[{"id":24582,"href":"https:\/\/www.ibizacancer.com\/en\/wp-json\/wp\/v2\/tribe_events\/24542\/revisions\/24582"}],"wp:featuredmedia":[{"embeddable":true,"href":"https:\/\/www.ibizacancer.com\/en\/wp-json\/wp\/v2\/media\/24544"}],"wp:attachment":[{"href":"https:\/\/www.ibizacancer.com\/en\/wp-json\/wp\/v2\/media?parent=24542"}],"wp:term":[{"taxonomy":"post_tag","embeddable":true,"href":"https:\/\/www.ibizacancer.com\/en\/wp-json\/wp\/v2\/tags?post=24542"},{"taxonomy":"tribe_events_cat","embeddable":true,"href":"https:\/\/www.ibizacancer.com\/en\/wp-json\/wp\/v2\/tribe_events_cat?post=24542"}],"curies":[{"name":"wp","href":"https:\/\/api.w.org\/{rel}","templated":true}]}}